{"id":1867,"date":"2018-01-20T14:23:00","date_gmt":"2018-01-20T13:23:00","guid":{"rendered":"http:\/\/elsa.no\/bergen\/?page_id=1867"},"modified":"2025-01-17T22:05:36","modified_gmt":"2025-01-17T21:05:36","slug":"landsmote","status":"publish","type":"page","link":"https:\/\/elsa.no\/bergen\/landsmote\/","title":{"rendered":"Landsm\u00f8tet"},"content":{"rendered":"<p>Delta p\u00e5 ELSA Norway sitt landsm\u00f8te! Der m\u00f8tes rundt 60 jusstudenter fra hele landet og internasjonale gjester til workshops og for \u00e5 ta beslutninger som ang\u00e5r hele organisasjonen. Lokalgruppene ELSA Bergen, ELSA Oslo og ELSA Troms\u00f8 rullerer p\u00e5 \u00e5 arrangere landsm\u00f8tet, slik at ELSA Bergen har ansvar for planlegging og gjennomf\u00f8ring av landsm\u00f8tet hvert tredje semester.<\/p>\n<p style=\"text-align: center;\"><strong>Vi gleder oss til \u00e5 \u00f8nske deg velkommen til v\u00e5rens vakreste eventyr!<\/strong><\/p>\n<h3><\/h3>\n<h3>Hva er ELSAs landsm\u00f8te?<\/h3>\n<p>Landsm\u00f8tet er ELSA Norway \u00f8verste organ, og arrangeres to ganger i \u00e5ret &#8211; \u00e9n gang hvert semester. P\u00e5 landsm\u00f8tet deltar 50-60 deltakere fra Oslo, Bergen og Troms\u00f8, i tillegg til internasjonale gjester. Under landsm\u00f8tet blir det b\u00e5de faglig og sosialt p\u00e5fyll for alle deltakerne. Det faglige programmet best\u00e5r blant annet av workshops innenfor <a href=\"https:\/\/elsa.no\/bergen\/aktiviteter\/\" target=\"_blank\" rel=\"noopener\">de ulike omr\u00e5dene i ELSA<\/a>.<\/p>\n<h3>P\u00e5melding<\/h3>\n<p>Studenter p\u00e5 fakulteter i Norge melder seg p\u00e5 til generalsekret\u00e6ren for lokalgruppen de er medlemmer i.<\/p>\n<p>Bergen: &#115;&#x65;c&#x67;&#x65;&#110;&#x2e;b&#101;&#x72;&#103;&#x65;n&#64;&#x6e;o&#x2e;e&#108;&#x73;a&#x2e;&#x6f;&#114;&#x67;<br \/>\nOslo: &#x73;&#x65;&#x63;&#x67;&#x65;&#x6e;&#46;&#111;&#115;&#108;o&#64;no&#x2e;&#x65;&#x6c;&#x73;&#x61;&#x2e;&#111;&#114;&#103;<br \/>\nTroms\u00f8: &#x73;&#101;&#99;g&#x65;&#x6e;&#46;t&#x72;&#x6f;&#109;so&#x40;&#110;&#111;&#46;&#x65;&#x6c;&#115;a&#x2e;&#x6f;&#114;&#103;<\/p>\n<p>V\u00e6r oppmerksom p\u00e5 at p\u00e5meldingen g\u00e5r gjennom lokalgruppene, og disse kan operere med ulike interne p\u00e5meldingsfrister.<\/p>\n<h3>Kontakt oss<\/h3>\n<p>Sp\u00f8rsm\u00e5l rundt den praktiske gjennomf\u00f8ringen av landsm\u00f8tet rettes til Secretary General i ELSA Bergen, <a href=\"&#x6d;&#x61;&#105;&#108;to&#x3a;&#x73;&#x65;&#99;ge&#x6e;&#x2e;&#x62;&#101;&#114;g&#x65;&#x6e;&#x40;&#110;&#111;&#46;&#x65;&#x6c;&#x73;&#97;&#46;or&#x67;\" target=\"_blank\" rel=\"noopener\">&#x73;&#x65;&#x63;&#x67;&#101;&#110;&#46;be&#x72;&#x67;&#x65;&#x6e;&#x40;&#110;&#111;&#46;el&#x73;&#x61;&#x2e;&#x6f;&#x72;&#103;.<\/a> For sp\u00f8rsm\u00e5l om det faglige opplegget kan du kontakte Secretary General i ELSA Norway p\u00e5 <a href=\"&#109;&#x61;&#x69;l&#116;&#x6f;:&#115;&#x65;&#x63;&#103;&#x65;&#x6e;&#64;&#101;&#x6c;s&#97;&#x2e;&#x6e;&#111;\" target=\"_blank\" rel=\"noopener\">&#115;&#x65;c&#103;&#x65;n&#x40;&#x6e;&#111;&#x2e;e&#108;&#x73;a&#46;&#x6f;&#114;&#x67;<\/a>.<\/p>\n<h3>International guests<\/h3>\n<p>International guests can apply for participation in ELSA Norway`s National Council Meeting (NCM). Please contact the Secretary General of ELSA Norway on &#x73;&#x65;&#x63;&#x67;&#x65;&#110;&#64;&#110;&#111;&#46;el&#x73;&#x61;&#x2e;&#x6f;&#x72;&#x67; for inquiries and applications to the NCM.<\/p>\n","protected":false},"excerpt":{"rendered":"<p>Delta p\u00e5 ELSA Norway sitt landsm\u00f8te! Der m\u00f8tes rundt 60 jusstudenter fra hele landet og internasjonale gjester til workshops og for \u00e5 ta beslutninger som ang\u00e5r hele organisasjonen. Lokalgruppene ELSA Bergen, ELSA Oslo og ELSA Troms\u00f8 rullerer p\u00e5 \u00e5 arrangere landsm\u00f8tet, slik at ELSA Bergen har ansvar for planlegging og gjennomf\u00f8ring av landsm\u00f8tet hvert tredje [&hellip;]<\/p>\n","protected":false},"author":12,"featured_media":0,"parent":0,"menu_order":0,"comment_status":"closed","ping_status":"closed","template":"","meta":{"footnotes":""},"class_list":["post-1867","page","type-page","status-publish","hentry"],"_links":{"self":[{"href":"https:\/\/elsa.no\/bergen\/wp-json\/wp\/v2\/pages\/1867","targetHints":{"allow":["GET"]}}],"collection":[{"href":"https:\/\/elsa.no\/bergen\/wp-json\/wp\/v2\/pages"}],"about":[{"href":"https:\/\/elsa.no\/bergen\/wp-json\/wp\/v2\/types\/page"}],"author":[{"embeddable":true,"href":"https:\/\/elsa.no\/bergen\/wp-json\/wp\/v2\/users\/12"}],"replies":[{"embeddable":true,"href":"https:\/\/elsa.no\/bergen\/wp-json\/wp\/v2\/comments?post=1867"}],"version-history":[{"count":40,"href":"https:\/\/elsa.no\/bergen\/wp-json\/wp\/v2\/pages\/1867\/revisions"}],"predecessor-version":[{"id":5043,"href":"https:\/\/elsa.no\/bergen\/wp-json\/wp\/v2\/pages\/1867\/revisions\/5043"}],"wp:attachment":[{"href":"https:\/\/elsa.no\/bergen\/wp-json\/wp\/v2\/media?parent=1867"}],"curies":[{"name":"wp","href":"https:\/\/api.w.org\/{rel}","templated":true}]}}